{"id":903,"date":"2021-06-04T23:53:03","date_gmt":"2021-06-04T23:53:03","guid":{"rendered":"https:\/\/initiative-hungerberg.de\/?page_id=903"},"modified":"2021-08-27T22:41:00","modified_gmt":"2021-08-27T22:41:00","slug":"gruende-fuer-erhalt-des-hungerbergs","status":"publish","type":"page","link":"https:\/\/initiative-hungerberg.de\/?page_id=903","title":{"rendered":"Gr\u00fcnde f\u00fcr Erhalt des Hungerbergs"},"content":{"rendered":"\n<p>Diese 13 Gr\u00fcnde sprechen f\u00fcr den Erhalt des Hungerbergs<\/p>\n\n\n\n<p><strong>Bodenqualit\u00e4t und Landwirtschaft<\/strong><br>Die besten B\u00f6den f\u00fcr die Landwirtschaft auf Dettinger Gemarkung finden sich am Hungerberg. Deren Verlust l\u00e4sst sich nicht ausgleichen.<\/p>\n\n\n\n<p><strong>Schadstoffemissionen<\/strong><br>Die<strong> Gemeinde Dettingen<\/strong> will den Hungerberg als <strong>Vorhaltestandort<\/strong> der <strong>Wirtschaftsregion Stuttgart<\/strong> f\u00fcr \u201egr\u00f6\u00dfere und ggf. emissionstr\u00e4chtige Gewerbe- und Industrievorhaben\u201c1&nbsp;anbieten. Hinsichtlich ansiedlungswilliger Unternehmen und der Art ihrer Industrieanlagen herrscht weiterhin Unklarheit. Anlagen, die der St\u00f6rfallverordnung unterliegen, sind explizit nicht ausgeschlossen.<\/p>\n\n\n\n<p><strong>Verkehr<\/strong><br>Die Hauptzufahrt zum Industriegebiet wird von der A8 \u00fcber die B465 linksabbiegend erfolgen. Massive Beeintr\u00e4chtigungen des Berufsverkehrs aus dem Lenninger Tal nach Kirchheim und in die Region Stuttgart sind deshalb zu erwarten.<\/p>\n\n\n\n<p><strong>Inner\u00f6rtlicher Verkehr<\/strong><br>Es ist h\u00f6chst wahrscheinlich, dass durch die genannten Beeintr\u00e4chtigungen auf der B465 der heute schon starke Ausweichverkehr durch die Dettinger Ortsmitte weiter zunehmen wird. Deshalb sind weitere Beeintr\u00e4chtigungen f\u00fcr die Bev\u00f6lkerung so gut wie sicher.<\/p>\n\n\n\n<p><strong>Zus\u00e4tzlicher Wohnraumbedarf<\/strong><br>Durch den Zuzug von Arbeitskr\u00e4ften f\u00fcr die neuen Unternehmen wird Wohnraum f\u00fcr Familien, Normal- und Geringverdiener in den anliegenden Gemeinden noch knapper werden. Eine Wohnbebauung Untere Wiesen, Guckenrain Ost sowie Tagbrunnen\u00e4cker wird damit voraussichtlich unumg\u00e4nglich. Wohn- und Baukosten werden deshalb steigen.<\/p>\n\n\n\n<p><strong>Fachkr\u00e4ftemangel<\/strong><br>Ortsans\u00e4ssige, mittelst\u00e4ndische Betriebe und Handwerker werden mutma\u00dflich mit einem Gro\u00dfkonzern um Fach- und Arbeitskr\u00e4fte sowie Auszubildende konkurrieren m\u00fcssen.<\/p>\n\n\n\n<p><strong>Gewerbesteuer<\/strong><br>Die Fl\u00e4che des geplanten Vorhaltestandortes liegt zu 100% auf der Dettinger Gemarkung, die<strong> Gemeinde Dettingen<\/strong> bekommt aber nur 50% der Gewerbesteuereinnahmen. Bei v\u00f6lliger Kostentransparenz lohnt sich die Ausweisung neuer Industriegebiete f\u00fcr viele Gemeinden nicht. Die Dettinger Gemeindeverwaltung hat eine entsprechende Modellrechnung bis heute&nbsp;nicht vorgelegt.<\/p>\n\n\n\n<p><strong>Natur- und Artenschutz<\/strong><br>Das erstellte Gutachten zum Natur- und Artenschutz geht nicht vom renaturierten bzw. Ur-Zustand aus. Nur aufgrund der aktuellen Stuttgart 21 Baustelle sind dort derzeit weniger Tiere zu finden. Das Potential ist weiterhin sehr gro\u00df.<\/p>\n\n\n\n<p><strong>Gr\u00fcnzug<\/strong><br>Aus einem \u00f6kologisch wertvollen Gr\u00fcnzug, der bisher im Regionalplan verankert ist, soll ein interkommunaler Gewerbeschwerpunkt werden. Bisher war die Bebauung des Hungerbergs ausgeschlossen.<br><br><strong>Fl\u00e4chenversiegelung<\/strong><br>Eine nachhaltige und zukunftsorientierte Industrie muss geschaffen werden. Dieser Strukturwandel darf aber nicht mehr mit weiterem Fl\u00e4chenfra\u00df verbunden sein. Die im Vorentwurf des Fl\u00e4chennutzungsplansverfahrens vorgesehene Gesamtfl\u00e4che f\u00fcr das Industriegebiet betrug 42 Hektar. Am 10.5.2021 fasste der Gemeinderat Dettingen den Beschluss, bei der VVG Kirchheim-Dettingen-Notzingen einen Antrag auf Reduzierung der Fl\u00e4che f\u00fcr das Fl\u00e4chennutzungsplanverfahren auf ca. 21 ha zu stellen.<\/p>\n\n\n\n<p><strong>Klimawandel<\/strong><br>Dem Klimawandel zum Trotz setzt die Erschlie\u00dfung des Hungerbergs noch eins drauf. Schon bei Erschlie\u00dfung und Bau der Fabriken werden f\u00fcr die Produktion von Beton, Stahl, Aluminium und Asphalt hunderttausende Tonnen Kohlendioxid emittiert. Au\u00dferdem gibt es keinerlei Handhabe, ein Unternehmen zum klimaneutralen Arbeiten zu zwingen.<\/p>\n\n\n\n<p><strong>Kaltluftstr\u00f6mung<\/strong><br>Das beauftragte Gutachten zu den (stadt-) klimatologischen Auswirkungen auf Kirchheim wurde zur Auslegung des Entwurfs des Fl\u00e4chennutzungsplans nicht vorgelegt und ist f\u00fcr die \u00d6ffentlichkeit bis heute nur auf individuelle Nachfrage bei der Gemeindeverwaltung verf\u00fcgbar. Wie sich Betonmassen und Asphaltfl\u00e4chen in sommerlichen Hitzeperioden auf die Kaltluftzufuhr und somit das regionale Mikroklima auswirken, ist weiterhin ungekl\u00e4rt.<\/p>\n\n\n\n<p><strong>Landschaftsbild<\/strong><br>Das geplante Industriegebiet Hungerberg wird das Landschaftsbild sichtbar aus allen Richtungen tiefgreifend unvorteilhaft ver\u00e4ndern. Das heutige Naherholungsgebiet wird unwiederbringlich zerst\u00f6rt werden.<\/p>\n\n\n\n<p style=\"font-size:9px\">1 Verband Region Stuttgart, Sitzungsvorlage Nr. 108\/2021, Planungsausschuss am 24.02.2021, \u00d6ffentliche Sitzung S. 5<br>2&nbsp;Drucklegung des Informationsblatt es am 19. April 2021<\/p>\n\n\n\n<p><a href=\"http:\/\/Faqs\" target=\"_blank\" rel=\"noreferrer noopener\">h\u00e4ufige Fragen und Antworten <\/a><a href=\"https:\/\/initiative-hungerberg.de\/?page_id=890\">h\u00e4ufige Fragen<\/a><\/p>\n\n\n\n<p class=\"has-small-font-size\">Gr\u00fcnde f\u00fcr Erhalt des Hungerbergs<\/p>\n","protected":false},"excerpt":{"rendered":"<p>Diese 13 Gr\u00fcnde sprechen f\u00fcr den Erhalt des Hungerbergs Bodenqualit\u00e4t und LandwirtschaftDie besten B\u00f6den f\u00fcr die Landwirtschaft auf Dettinger Gemarkung finden sich am Hungerberg. Deren Verlust l\u00e4sst sich nicht ausgleichen. &hellip; <a href=\"https:\/\/initiative-hungerberg.de\/?page_id=903\" class=\"more-link\"><span class=\"screen-reader-text\">\u201eGr\u00fcnde f\u00fcr Erhalt des Hungerbergs\u201c<\/span> weiterlesen<\/a><\/p>\n","protected":false},"author":1,"featured_media":1287,"parent":0,"menu_order":3,"comment_status":"closed","ping_status":"closed","template":"","meta":{"_monsterinsights_skip_tracking":false,"_monsterinsights_sitenote_active":false,"_monsterinsights_sitenote_note":"","_monsterinsights_sitenote_category":0,"footnotes":""},"class_list":["post-903","page","type-page","status-publish","has-post-thumbnail","hentry"],"yoast_head":"<!-- This site is optimized with the Yoast SEO plugin v27.5 - https:\/\/yoast.com\/product\/yoast-seo-wordpress\/ -->\n<title>Gr\u00fcnde f\u00fcr Erhalt des Hungerbergs - B\u00fcrgerinitiative Hungerberg<\/title>\n<meta name=\"description\" content=\"13 Gr\u00fcnde f\u00fcr Erhalt des Hungerbergs. Was spricht daf\u00fcr - was spricht dagegen. Diese Infos sind wichtig f\u00fcr den B\u00fcrgerentscheid.\" \/>\n<meta name=\"robots\" content=\"index, follow, max-snippet:-1, max-image-preview:large, max-video-preview:-1\" \/>\n<link rel=\"canonical\" href=\"https:\/\/initiative-hungerberg.de\/?page_id=903\" \/>\n<meta property=\"og:locale\" content=\"de_DE\" \/>\n<meta property=\"og:type\" content=\"article\" \/>\n<meta property=\"og:title\" content=\"Gr\u00fcnde f\u00fcr Erhalt des Hungerbergs - B\u00fcrgerinitiative Hungerberg\" \/>\n<meta property=\"og:description\" content=\"13 Gr\u00fcnde f\u00fcr Erhalt des Hungerbergs. Was spricht daf\u00fcr - was spricht dagegen. Diese Infos sind wichtig f\u00fcr den B\u00fcrgerentscheid.\" \/>\n<meta property=\"og:url\" content=\"https:\/\/initiative-hungerberg.de\/?page_id=903\" \/>\n<meta property=\"og:site_name\" content=\"B\u00fcrgerinitiative Hungerberg\" \/>\n<meta property=\"article:modified_time\" content=\"2021-08-27T22:41:00+00:00\" \/>\n<meta property=\"og:image\" content=\"https:\/\/i0.wp.com\/initiative-hungerberg.de\/wp-content\/uploads\/2021\/07\/JA-Shirt-3-scaled.jpg?fit=2560%2C1594&ssl=1\" \/>\n\t<meta property=\"og:image:width\" content=\"2560\" \/>\n\t<meta property=\"og:image:height\" content=\"1594\" \/>\n\t<meta property=\"og:image:type\" content=\"image\/jpeg\" \/>\n<meta name=\"twitter:card\" content=\"summary_large_image\" \/>\n<meta name=\"twitter:label1\" content=\"Gesch\u00e4tzte Lesezeit\" \/>\n\t<meta name=\"twitter:data1\" content=\"3\u00a0Minuten\" \/>\n<script type=\"application\/ld+json\" class=\"yoast-schema-graph\">{\"@context\":\"https:\\\/\\\/schema.org\",\"@graph\":[{\"@type\":\"WebPage\",\"@id\":\"https:\\\/\\\/initiative-hungerberg.de\\\/?page_id=903\",\"url\":\"https:\\\/\\\/initiative-hungerberg.de\\\/?page_id=903\",\"name\":\"Gr\u00fcnde f\u00fcr Erhalt des Hungerbergs - B\u00fcrgerinitiative Hungerberg\",\"isPartOf\":{\"@id\":\"https:\\\/\\\/initiative-hungerberg.de\\\/#website\"},\"primaryImageOfPage\":{\"@id\":\"https:\\\/\\\/initiative-hungerberg.de\\\/?page_id=903#primaryimage\"},\"image\":{\"@id\":\"https:\\\/\\\/initiative-hungerberg.de\\\/?page_id=903#primaryimage\"},\"thumbnailUrl\":\"https:\\\/\\\/i0.wp.com\\\/initiative-hungerberg.de\\\/wp-content\\\/uploads\\\/2021\\\/07\\\/JA-Shirt-3-scaled.jpg?fit=2560%2C1594&ssl=1\",\"datePublished\":\"2021-06-04T23:53:03+00:00\",\"dateModified\":\"2021-08-27T22:41:00+00:00\",\"description\":\"13 Gr\u00fcnde f\u00fcr Erhalt des Hungerbergs. Was spricht daf\u00fcr - was spricht dagegen. Diese Infos sind wichtig f\u00fcr den B\u00fcrgerentscheid.\",\"breadcrumb\":{\"@id\":\"https:\\\/\\\/initiative-hungerberg.de\\\/?page_id=903#breadcrumb\"},\"inLanguage\":\"de\",\"potentialAction\":[{\"@type\":\"ReadAction\",\"target\":[\"https:\\\/\\\/initiative-hungerberg.de\\\/?page_id=903\"]}]},{\"@type\":\"ImageObject\",\"inLanguage\":\"de\",\"@id\":\"https:\\\/\\\/initiative-hungerberg.de\\\/?page_id=903#primaryimage\",\"url\":\"https:\\\/\\\/i0.wp.com\\\/initiative-hungerberg.de\\\/wp-content\\\/uploads\\\/2021\\\/07\\\/JA-Shirt-3-scaled.jpg?fit=2560%2C1594&ssl=1\",\"contentUrl\":\"https:\\\/\\\/i0.wp.com\\\/initiative-hungerberg.de\\\/wp-content\\\/uploads\\\/2021\\\/07\\\/JA-Shirt-3-scaled.jpg?fit=2560%2C1594&ssl=1\",\"width\":2560,\"height\":1594,\"caption\":\"B\u00fcrgerentscheid Hungerberg Dettingen\"},{\"@type\":\"BreadcrumbList\",\"@id\":\"https:\\\/\\\/initiative-hungerberg.de\\\/?page_id=903#breadcrumb\",\"itemListElement\":[{\"@type\":\"ListItem\",\"position\":1,\"name\":\"Startseite\",\"item\":\"https:\\\/\\\/initiative-hungerberg.de\\\/\"},{\"@type\":\"ListItem\",\"position\":2,\"name\":\"Gr\u00fcnde f\u00fcr Erhalt des Hungerbergs\"}]},{\"@type\":\"WebSite\",\"@id\":\"https:\\\/\\\/initiative-hungerberg.de\\\/#website\",\"url\":\"https:\\\/\\\/initiative-hungerberg.de\\\/\",\"name\":\"B\u00fcrgerinitiative Hungerberg\",\"description\":\"Infoseite der B\u00fcrgerinitiative Hungerberg\",\"potentialAction\":[{\"@type\":\"SearchAction\",\"target\":{\"@type\":\"EntryPoint\",\"urlTemplate\":\"https:\\\/\\\/initiative-hungerberg.de\\\/?s={search_term_string}\"},\"query-input\":{\"@type\":\"PropertyValueSpecification\",\"valueRequired\":true,\"valueName\":\"search_term_string\"}}],\"inLanguage\":\"de\"}]}<\/script>\n<!-- \/ Yoast SEO plugin. -->","yoast_head_json":{"title":"Gr\u00fcnde f\u00fcr Erhalt des Hungerbergs - B\u00fcrgerinitiative Hungerberg","description":"13 Gr\u00fcnde f\u00fcr Erhalt des Hungerbergs. Was spricht daf\u00fcr - was spricht dagegen. Diese Infos sind wichtig f\u00fcr den B\u00fcrgerentscheid.","robots":{"index":"index","follow":"follow","max-snippet":"max-snippet:-1","max-image-preview":"max-image-preview:large","max-video-preview":"max-video-preview:-1"},"canonical":"https:\/\/initiative-hungerberg.de\/?page_id=903","og_locale":"de_DE","og_type":"article","og_title":"Gr\u00fcnde f\u00fcr Erhalt des Hungerbergs - B\u00fcrgerinitiative Hungerberg","og_description":"13 Gr\u00fcnde f\u00fcr Erhalt des Hungerbergs. Was spricht daf\u00fcr - was spricht dagegen. Diese Infos sind wichtig f\u00fcr den B\u00fcrgerentscheid.","og_url":"https:\/\/initiative-hungerberg.de\/?page_id=903","og_site_name":"B\u00fcrgerinitiative Hungerberg","article_modified_time":"2021-08-27T22:41:00+00:00","og_image":[{"width":2560,"height":1594,"url":"https:\/\/i0.wp.com\/initiative-hungerberg.de\/wp-content\/uploads\/2021\/07\/JA-Shirt-3-scaled.jpg?fit=2560%2C1594&ssl=1","type":"image\/jpeg"}],"twitter_card":"summary_large_image","twitter_misc":{"Gesch\u00e4tzte Lesezeit":"3\u00a0Minuten"},"schema":{"@context":"https:\/\/schema.org","@graph":[{"@type":"WebPage","@id":"https:\/\/initiative-hungerberg.de\/?page_id=903","url":"https:\/\/initiative-hungerberg.de\/?page_id=903","name":"Gr\u00fcnde f\u00fcr Erhalt des Hungerbergs - B\u00fcrgerinitiative Hungerberg","isPartOf":{"@id":"https:\/\/initiative-hungerberg.de\/#website"},"primaryImageOfPage":{"@id":"https:\/\/initiative-hungerberg.de\/?page_id=903#primaryimage"},"image":{"@id":"https:\/\/initiative-hungerberg.de\/?page_id=903#primaryimage"},"thumbnailUrl":"https:\/\/i0.wp.com\/initiative-hungerberg.de\/wp-content\/uploads\/2021\/07\/JA-Shirt-3-scaled.jpg?fit=2560%2C1594&ssl=1","datePublished":"2021-06-04T23:53:03+00:00","dateModified":"2021-08-27T22:41:00+00:00","description":"13 Gr\u00fcnde f\u00fcr Erhalt des Hungerbergs. Was spricht daf\u00fcr - was spricht dagegen. Diese Infos sind wichtig f\u00fcr den B\u00fcrgerentscheid.","breadcrumb":{"@id":"https:\/\/initiative-hungerberg.de\/?page_id=903#breadcrumb"},"inLanguage":"de","potentialAction":[{"@type":"ReadAction","target":["https:\/\/initiative-hungerberg.de\/?page_id=903"]}]},{"@type":"ImageObject","inLanguage":"de","@id":"https:\/\/initiative-hungerberg.de\/?page_id=903#primaryimage","url":"https:\/\/i0.wp.com\/initiative-hungerberg.de\/wp-content\/uploads\/2021\/07\/JA-Shirt-3-scaled.jpg?fit=2560%2C1594&ssl=1","contentUrl":"https:\/\/i0.wp.com\/initiative-hungerberg.de\/wp-content\/uploads\/2021\/07\/JA-Shirt-3-scaled.jpg?fit=2560%2C1594&ssl=1","width":2560,"height":1594,"caption":"B\u00fcrgerentscheid Hungerberg Dettingen"},{"@type":"BreadcrumbList","@id":"https:\/\/initiative-hungerberg.de\/?page_id=903#breadcrumb","itemListElement":[{"@type":"ListItem","position":1,"name":"Startseite","item":"https:\/\/initiative-hungerberg.de\/"},{"@type":"ListItem","position":2,"name":"Gr\u00fcnde f\u00fcr Erhalt des Hungerbergs"}]},{"@type":"WebSite","@id":"https:\/\/initiative-hungerberg.de\/#website","url":"https:\/\/initiative-hungerberg.de\/","name":"B\u00fcrgerinitiative Hungerberg","description":"Infoseite der B\u00fcrgerinitiative Hungerberg","potentialAction":[{"@type":"SearchAction","target":{"@type":"EntryPoint","urlTemplate":"https:\/\/initiative-hungerberg.de\/?s={search_term_string}"},"query-input":{"@type":"PropertyValueSpecification","valueRequired":true,"valueName":"search_term_string"}}],"inLanguage":"de"}]}},"jetpack_sharing_enabled":true,"_links":{"self":[{"href":"https:\/\/initiative-hungerberg.de\/index.php?rest_route=\/wp\/v2\/pages\/903","targetHints":{"allow":["GET"]}}],"collection":[{"href":"https:\/\/initiative-hungerberg.de\/index.php?rest_route=\/wp\/v2\/pages"}],"about":[{"href":"https:\/\/initiative-hungerberg.de\/index.php?rest_route=\/wp\/v2\/types\/page"}],"author":[{"embeddable":true,"href":"https:\/\/initiative-hungerberg.de\/index.php?rest_route=\/wp\/v2\/users\/1"}],"replies":[{"embeddable":true,"href":"https:\/\/initiative-hungerberg.de\/index.php?rest_route=%2Fwp%2Fv2%2Fcomments&post=903"}],"version-history":[{"count":5,"href":"https:\/\/initiative-hungerberg.de\/index.php?rest_route=\/wp\/v2\/pages\/903\/revisions"}],"predecessor-version":[{"id":1409,"href":"https:\/\/initiative-hungerberg.de\/index.php?rest_route=\/wp\/v2\/pages\/903\/revisions\/1409"}],"wp:featuredmedia":[{"embeddable":true,"href":"https:\/\/initiative-hungerberg.de\/index.php?rest_route=\/wp\/v2\/media\/1287"}],"wp:attachment":[{"href":"https:\/\/initiative-hungerberg.de\/index.php?rest_route=%2Fwp%2Fv2%2Fmedia&parent=903"}],"curies":[{"name":"wp","href":"https:\/\/api.w.org\/{rel}","templated":true}]}}